{"id":5476,"date":"2025-09-04T15:34:10","date_gmt":"2025-09-04T18:34:10","guid":{"rendered":"https:\/\/cephas.org.br\/?page_id=5476"},"modified":"2026-01-09T10:29:58","modified_gmt":"2026-01-09T13:29:58","slug":"info-vestib-2026-1","status":"publish","type":"page","link":"https:\/\/cephas.org.br\/index.php\/info-vestib-2026-1\/","title":{"rendered":"VESTIBULINHO CEPHAS 1\u00ba SEMESTRE DE 2026"},"content":{"rendered":"\t\t<div data-elementor-type=\"wp-page\" data-elementor-id=\"5476\" class=\"elementor elementor-5476\">\n\t\t\t\t\t\t<section class=\"elementor-section elementor-top-section elementor-element elementor-element-c70de42 elementor-section-boxed elementor-section-height-default elementor-section-height-default\" data-id=\"c70de42\" data-element_type=\"section\">\n\t\t\t\t\t\t<div class=\"elementor-container elementor-column-gap-default\">\n\t\t\t\t\t<div class=\"elementor-column elementor-col-100 elementor-top-column elementor-element elementor-element-9cabdd1\" data-id=\"9cabdd1\" data-element_type=\"column\">\n\t\t\t<div class=\"elementor-widget-wrap elementor-element-populated\">\n\t\t\t\t\t\t<div class=\"elementor-element elementor-element-417a0b5 elementor-widget elementor-widget-image\" data-id=\"417a0b5\" data-element_type=\"widget\" data-widget_type=\"image.default\">\n\t\t\t\t<div class=\"elementor-widget-container\">\n\t\t\t\t\t\t\t\t\t\t\t\t<figure class=\"wp-caption\">\n\t\t\t\t\t\t\t\t\t\t\t<a href=\"https:\/\/portal.recrutamentobrasil.com.br\/edital\/ver\/177\">\n\t\t\t\t\t\t\t<img fetchpriority=\"high\" decoding=\"async\" width=\"1024\" height=\"431\" src=\"https:\/\/cephas.org.br\/wp-content\/uploads\/2025\/10\/Texto-do-seu-paragrafo-2.png\" class=\"attachment-large size-large wp-image-5805 no-lazy\" alt=\"\" srcset=\"https:\/\/cephas.org.br\/wp-content\/uploads\/2025\/10\/Texto-do-seu-paragrafo-2.png 1024w, https:\/\/cephas.org.br\/wp-content\/uploads\/2025\/10\/Texto-do-seu-paragrafo-2-300x126.png 300w, https:\/\/cephas.org.br\/wp-content\/uploads\/2025\/10\/Texto-do-seu-paragrafo-2-768x323.png 768w\" sizes=\"(max-width: 1024px) 100vw, 1024px\" \/>\t\t\t\t\t\t\t\t<\/a>\n\t\t\t\t\t\t\t\t\t\t\t<figcaption class=\"widget-image-caption wp-caption-text\">Clique no banner acima e fa\u00e7a sua inscri\u00e7\u00e3o agora mesmo!<\/figcaption>\n\t\t\t\t\t\t\t\t\t\t<\/figure>\n\t\t\t\t\t\t\t\t\t<\/div>\n\t\t\t\t<\/div>\n\t\t\t\t\t<\/div>\n\t\t<\/div>\n\t\t\t\t\t<\/div>\n\t\t<\/section>\n\t\t\t\t<section class=\"elementor-section elementor-top-section elementor-element elementor-element-9c1804a elementor-section-boxed elementor-section-height-default elementor-section-height-default\" data-id=\"9c1804a\" data-element_type=\"section\">\n\t\t\t\t\t\t<div class=\"elementor-container elementor-column-gap-default\">\n\t\t\t\t\t<div class=\"elementor-column elementor-col-100 elementor-top-column elementor-element elementor-element-438fe1e\" data-id=\"438fe1e\" data-element_type=\"column\">\n\t\t\t<div class=\"elementor-widget-wrap elementor-element-populated\">\n\t\t\t\t\t\t<div class=\"elementor-element elementor-element-8eb21fe elementor-tabs-view-horizontal elementor-widget elementor-widget-tabs\" data-id=\"8eb21fe\" data-element_type=\"widget\" data-widget_type=\"tabs.default\">\n\t\t\t\t<div class=\"elementor-widget-container\">\n\t\t\t\t\t\t\t<div class=\"elementor-tabs\">\n\t\t\t<div class=\"elementor-tabs-wrapper\" role=\"tablist\" >\n\t\t\t\t\t\t\t\t\t<div id=\"elementor-tab-title-1491\" class=\"elementor-tab-title elementor-tab-desktop-title\" aria-selected=\"true\" data-tab=\"1\" role=\"tab\" tabindex=\"0\" aria-controls=\"elementor-tab-content-1491\" aria-expanded=\"false\">INFORMA\u00c7\u00d5ES GERAIS AO CANDIDATO<\/div>\n\t\t\t\t\t\t\t\t\t<div id=\"elementor-tab-title-1492\" class=\"elementor-tab-title elementor-tab-desktop-title\" aria-selected=\"false\" data-tab=\"2\" role=\"tab\" tabindex=\"-1\" aria-controls=\"elementor-tab-content-1492\" aria-expanded=\"false\">EDITAIS E INSCRI\u00c7\u00c3O<\/div>\n\t\t\t\t\t\t\t\t\t<div id=\"elementor-tab-title-1493\" class=\"elementor-tab-title elementor-tab-desktop-title\" aria-selected=\"false\" data-tab=\"3\" role=\"tab\" tabindex=\"-1\" aria-controls=\"elementor-tab-content-1493\" aria-expanded=\"false\">CRONOGRAMA COMPLETO<\/div>\n\t\t\t\t\t\t\t<\/div>\n\t\t\t<div class=\"elementor-tabs-content-wrapper\" role=\"tablist\" aria-orientation=\"vertical\">\n\t\t\t\t\t\t\t\t\t<div class=\"elementor-tab-title elementor-tab-mobile-title\" aria-selected=\"true\" data-tab=\"1\" role=\"tab\" tabindex=\"0\" aria-controls=\"elementor-tab-content-1491\" aria-expanded=\"false\">INFORMA\u00c7\u00d5ES GERAIS AO CANDIDATO<\/div>\n\t\t\t\t\t<div id=\"elementor-tab-content-1491\" class=\"elementor-tab-content elementor-clearfix\" data-tab=\"1\" role=\"tabpanel\" aria-labelledby=\"elementor-tab-title-1491\" tabindex=\"0\" hidden=\"false\"><p>\u00a0<\/p><p><style>\n    body {<br \/>      font-family: 'Segoe UI', sans-serif;<br \/>      background-color: #f4f4f4;<br \/>      padding: 40px;<br \/>      line-height: 1.6;<br \/>    }<\/p>\n<p>    .section {<br \/>      max-width: auto;\/*900px;*\/<br \/>      margin: auto;<br \/>      background-color: #fff;<br \/>      border: 1px solid #ccc;<br \/>      box-shadow: 0 0 8px rgba(0,0,0,0.1);<br \/>      padding: 30px;<br \/>      margin-bottom: 40px;<br \/>    }<\/p>\n<p>    h2 {<br \/>      background-color: #056fb5;<br \/>      color: white;<br \/>      padding: 12px;<br \/>      font-size: 1.4em;<br \/>      text-align: center;<br \/>      border-radius: 4px;<br \/>      margin-bottom: 20px;<br \/>    }<\/p>\n<p>    h3 {<br \/>      color: #056fb5;<br \/>      font-size: 1.2em;<br \/>      margin-top: 30px;<br \/>    }<\/p>\n<p>    table {<br \/>      width: 100%;<br \/>      border-collapse: collapse;<br \/>      margin-top: 15px;<br \/>    }<\/p>\n<p>    th, td {<br \/>      border: 1px solid #ccc;<br \/>      padding: 12px 16px;<br \/>      font-size: 14px;<br \/>      vertical-align: middle;<br \/>    }<\/p>\n<p>    th {<br \/>      font-weight: 600;<br \/>      text-align: left;<br \/>    }<\/p>\n<p>    td {<br \/>      font-weight: bold;<br \/>      text-align: center;<br \/>    }<\/p>\n<p>    ul {<br \/>      margin-top: 10px;<br \/>      margin-bottom: 20px;<br \/>    }<\/p>\n<p>    a {<br \/>      color: #056fb5;<br \/>      text-decoration: none;<br \/>    }<\/p>\n<p>    a:hover {<br \/>      text-decoration: underline;<br \/>    }<\/p>\n<p>    @media screen and (max-width: 768px) {<br \/>      table, tr, th, td {<br \/>        display: block;<br \/>        width: 100%;<br \/>      }<br \/>    }<br \/>  <\/style><\/p><div class=\"section\"><p>Essa \u00e1rea o candidato encontra todas as informa\u00e7\u00f5es a respeito do processo do Vestibulinho CEPHAS 1.\u00ba Semestre de 2026<\/p><h3><strong>REQUISITOS PARA SE INSCREVER<\/strong><\/h3><ul><li><em>Residir em S\u00e3o Jos\u00e9 dos Campos h\u00e1 pelo menos 2 anos, comprovadamente.<\/em><\/li><li><em>Ter ensino m\u00e9dio conclu\u00eddo; ou<\/em><\/li><li><em>Estar matriculado no 2\u00ba ou 3\u00ba ano do ensino m\u00e9dio at\u00e9 22\/01\/2026 (in\u00edcio das aulas).<\/em><\/li><\/ul><div>\u00c9 permitido concorrer mesmo que j\u00e1 tenha cursado ou desistido de outro curso no CEPHAS (com restri\u00e7\u00f5es previstas no edital)<\/div><div><p><strong>N\u00e3o<\/strong> podem se inscrever:<\/p><ul><li>Alunos evadidos h\u00e1 menos de 2 anos;<\/li><li>Alunos com matr\u00edcula trancada ainda dentro do prazo legal do curso;<\/li><li>Alunos retidos (reprovados).<\/li><\/ul><\/div><h3><strong>CURSOS OFERTADOS E PER\u00cdODOS<\/strong><\/h3><table><thead><tr><th>Curso T\u00e9cnico<\/th><th>Turma<\/th><th>Per\u00edodo<\/th><th>Dura\u00e7\u00e3o (Semestres)<\/th><th>Vagas<\/th><\/tr><\/thead><tbody><tr><td>T\u00e9cnico em Administra\u00e7\u00e3o<\/td><td>T112<\/td><td>Manh\u00e3<\/td><td>2<\/td><td>40<\/td><\/tr><tr><td>T\u00e9cnico em Eletr\u00f4nica<\/td><td>T65<\/td><td>Manh\u00e3<\/td><td>3<\/td><td>40<\/td><\/tr><tr><td>T\u00e9cnico em Qu\u00edmica<\/td><td>T39<\/td><td>Manh\u00e3<\/td><td>3<\/td><td>40<\/td><\/tr><tr><td>T\u00e9cnico em Administra\u00e7\u00e3o<\/td><td>T113<\/td><td>Tarde<\/td><td>2<\/td><td>40<\/td><\/tr><tr><td>T\u00e9cnico em Mec\u00e2nica<\/td><td>T86<\/td><td>Tarde<\/td><td>3<\/td><td>40<\/td><\/tr><tr><td>T\u00e9cnico em Administra\u00e7\u00e3o<\/td><td>T114<\/td><td>Noite<\/td><td>2<\/td><td>40<\/td><\/tr><tr><td>T\u00e9cnico em Edifica\u00e7\u00f5es<\/td><td>T36<\/td><td>Noite<\/td><td>3<\/td><td>40<\/td><\/tr><tr><td>T\u00e9cnico em Mec\u00e2nica<\/td><td>T87<\/td><td>Noite<\/td><td>3<\/td><td>40<\/td><\/tr><\/tbody><tfoot><tr><td colspan=\"4\">TOTAL DE VAGAS<\/td><td>320<\/td><\/tr><\/tfoot><\/table><\/div><div class=\"section\"><h3><strong>ETAPAS DO PROCESSO<\/strong><\/h3><p><strong>1. Inscri\u00e7\u00e3o (08\/09 a 15\/11\/2025)<\/strong><\/p><ul><li>Feita pelo site <a href=\"https:\/\/portal.recrutamentobrasil.com.br\/edital\/ver\/177\" target=\"_blank\" rel=\"noopener\">Recrutamento Brasil<\/a><\/li><li>Taxa de Inscri\u00e7\u00e3o: R$ 25,00 (isen\u00e7\u00e3o pode ser solicitada at\u00e9 17\/10\/2025).<\/li><\/ul><p><strong>2. Prova (30\/11\/2025)<\/strong><\/p><ul><li>Dura\u00e7\u00e3o: 4 horas (13h15 \u00e0s 17h15).<\/li><li>70 quest\u00f5es de m\u00faltipla escolha, cobrindo: Portugu\u00eas, Matem\u00e1tica, F\u00edsica, Qu\u00edmica, Ingl\u00eas, Biologia e Atualidades.<\/li><li>Peso das disciplinas varia conforme o curso escolhido.<\/li><\/ul><p><strong>3. Resultado<\/strong><\/p><ul><li>Gabarito: 01\/12\/2025<\/li><li>Resultado preliminar: 04\/12\/2025<\/li><li>Recurso: 05\/12\/2025<\/li><li>Resultado final + 1\u00aa chamada: 11\/12\/2025<\/li><\/ul><p><strong>4. Matr\u00edcula<\/strong><\/p><ul><li>1\u00aa chamada: 15 a 17\/12\/2025 (datas variam por curso).<\/li><li>2\u00aa chamada: 19\/12\/2025<\/li><li>3\u00aa chamada: 08\/01\/2026<\/li><li>In\u00edcio das aulas: 22\/01\/2026<\/li><\/ul><h3><strong>DOCUMENTOS EXIGIDOS NA MATR\u00cdCULA<\/strong><\/h3><ul><li>RG, CPF, Certid\u00e3o de Nascimento\/Casamento<\/li><li>Comprovante de resid\u00eancia atual (emitido no prazo de at\u00e9 90 dias)<\/li><li>Comprovante de resid\u00eancia na cidade a pelo menos 2 anos (emitido a 2 anos atr\u00e1s)<\/li><li>T\u00edtulo de Eleitor + comprovante de vota\u00e7\u00e3o<\/li><li>Documento militar (para maiores de 18 anos, homens)<\/li><li>Foto tirada no ato da matr\u00edcula<\/li><li>Outros documentos espec\u00edficos para cotas (ex.: declara\u00e7\u00e3o de bolsa integral, v\u00ednculo com a FUNDHAS etc.)<\/li><\/ul><\/div><\/div>\n\t\t\t\t\t\t\t\t\t<div class=\"elementor-tab-title elementor-tab-mobile-title\" aria-selected=\"false\" data-tab=\"2\" role=\"tab\" tabindex=\"-1\" aria-controls=\"elementor-tab-content-1492\" aria-expanded=\"false\">EDITAIS E INSCRI\u00c7\u00c3O<\/div>\n\t\t\t\t\t<div id=\"elementor-tab-content-1492\" class=\"elementor-tab-content elementor-clearfix\" data-tab=\"2\" role=\"tabpanel\" aria-labelledby=\"elementor-tab-title-1492\" tabindex=\"0\" hidden=\"hidden\"><style><span data-mce-type=\"bookmark\" style=\"display: inline-block; width: 0px; overflow: hidden; line-height: 0;\" class=\"mce_SELRES_start\">\ufeff<\/span><span style=\"display: inline-block; width: 0px; overflow: hidden; line-height: 0;\" data-mce-type=\"bookmark\" class=\"mce_SELRES_start\">\ufeff<\/span><span data-mce-type=\"bookmark\" style=\"display: inline-block; width: 0px; overflow: hidden; line-height: 0;\" class=\"mce_SELRES_start\">\ufeff<\/span><span data-mce-type=\"bookmark\" style=\"display: inline-block; width: 0px; overflow: hidden; line-height: 0;\" class=\"mce_SELRES_start\">\ufeff<\/span><span data-mce-type=\"bookmark\" style=\"display: inline-block; width: 0px; overflow: hidden; line-height: 0;\" class=\"mce_SELRES_start\">\ufeff<\/span><span data-mce-type=\"bookmark\" style=\"display: inline-block; width: 0px; overflow: hidden; line-height: 0;\" class=\"mce_SELRES_start\">\ufeff<\/span><span data-mce-type=\"bookmark\" style=\"display: inline-block; width: 0px; overflow: hidden; line-height: 0;\" class=\"mce_SELRES_start\">\ufeff<\/span><span data-mce-type=\"bookmark\" style=\"display: inline-block; width: 0px; overflow: hidden; line-height: 0;\" class=\"mce_SELRES_start\">\ufeff<\/span><span data-mce-type=\"bookmark\" style=\"display: inline-block; width: 0px; overflow: hidden; line-height: 0;\" class=\"mce_SELRES_start\">\ufeff<\/span><span data-mce-type=\"bookmark\" style=\"display: inline-block; width: 0px; overflow: hidden; line-height: 0;\" class=\"mce_SELRES_start\">\ufeff<\/span><span data-mce-type=\"bookmark\" style=\"display: inline-block; width: 0px; overflow: hidden; line-height: 0;\" class=\"mce_SELRES_start\">\ufeff<\/span><span data-mce-type=\"bookmark\" style=\"display: inline-block; width: 0px; overflow: hidden; line-height: 0;\" class=\"mce_SELRES_start\">\ufeff<\/span><span data-mce-type=\"bookmark\" style=\"display: inline-block; width: 0px; overflow: hidden; line-height: 0;\" class=\"mce_SELRES_start\">\ufeff<\/span><br \/>    body {<br \/>      font-family: 'Segoe UI', sans-serif;<br \/>      background-color: #f4f4f4;<br \/>      padding: 40px;<br \/>    }<\/p>\n<p>    .tabela-container {<br \/>      max-width: 1000px;<br \/>      margin: auto;<br \/>      background-color: #fff;<br \/>      border: 1px solid #ccc;<br \/>      box-shadow: 0 0 8px rgba(0,0,0,0.1);<br \/>      padding: 30px;<br \/>    }<\/p>\n<p>    h2 {<br \/>      background-color: #056fb5;<br \/>      color: white;<br \/>      padding: 12px;<br \/>      font-size: 1.4em;<br \/>      text-align: center;<br \/>      border-radius: 4px;<br \/>      margin-bottom: 20px;<br \/>    }<\/p>\n<p>    table {<br \/>      width: 100%;<br \/>      border-collapse: collapse;<br \/>    }<\/p>\n<p>    thead th {<br \/>      background-color: #e6e6e6;<br \/>      padding: 12px;<br \/>      font-size: 14px;<br \/>      text-align: left;<br \/>    }<\/p>\n<p>    tbody td {<br \/>      padding: 12px;<br \/>      font-size: 14px;<br \/>      border-bottom: 1px solid #ddd;<br \/>    }<\/p>\n<p>    tbody tr:hover {<br \/>      background-color: #f5f5f5;<br \/>    }<\/p>\n<p>    .data {<br \/>      width: 150px;<br \/>      font-weight: bold;<br \/>      color: #056fb5;<br \/>    }<\/p>\n<p>    .arquivo a {<br \/>      color: #056fb5;<br \/>      text-decoration: none;<br \/>      font-weight: 500;<br \/>      display: inline-block;<br \/>      text-align: left;<br \/>    }<\/p>\n<p>    .arquivo a:hover {<br \/>      text-decoration: underline;<br \/>    }<\/p>\n<p>    @media screen and (max-width: 768px) {<br \/>      table, thead, tbody, th, td, tr {<br \/>        display: block;<br \/>        width: 100%;<br \/>      }<\/p>\n<p>      .data {<br \/>        margin-top: 10px;<br \/>      }<br \/>    }<br \/>  <\/style>\n<div class=\"tabela-container\">\n<h2>Editais do Vestibulinho<\/h2>\n<table>\n<thead>\n<tr>\n<th>Data<\/th>\n<th>Arquivo<\/th>\n<\/tr>\n<\/thead>\n<tbody>\n\n<tr>\n<td class=\"data\">08\/01\/2026<\/td>\n<td class=\"arquivo\"><a href=\"http:\/\/cephas.org.br\/wp-content\/uploads\/2026\/01\/CONVOCACAO-3a-CHAMADA.pdf\" target=\"_blank\" rel=\"noopener\">CONVOCA\u00c7\u00c3O DA 3\u00aa CHAMADA<\/a><\/td>\n<\/tr>\n\n<tr>\n<td class=\"data\">19\/12\/2025<\/td>\n<td class=\"arquivo\"><a href=\"http:\/\/cephas.org.br\/wp-content\/uploads\/2025\/12\/2026_1-CONVOCACAO_DA_2a_CHAMADA.pdf\" target=\"_blank\" rel=\"noopener\">CONVOCA\u00c7\u00c3O DA 2\u00aa CHAMADA<\/a><\/td>\n<\/tr>\n<tr>\n<td class=\"data\">11\/12\/2025<\/td>\n<td class=\"arquivo\"><a href=\"http:\/\/cephas.org.br\/wp-content\/uploads\/2025\/12\/RESULTADO-FINAL-E-CONVOCACAO-DA-1a-CHAMADA.pdf\" target=\"_blank\" rel=\"noopener\">RESULTADO FINAL E CONVOCA\u00c7\u00c3O DA 1\u00aa CHAMADA<\/a><\/td>\n<\/tr>\n<tr>\n<td class=\"data\">08\/12\/2025<\/td>\n<td class=\"arquivo\"><a href=\"http:\/\/cephas.org.br\/wp-content\/uploads\/2025\/12\/RETIFICACAO-DO-RESULTADO-PRELIMINAR-\u2013-LISTA-ALUNOS-DA-FUNDHAS.pdf\" target=\"_blank\" rel=\"noopener\">RETIFICA\u00c7\u00c3O DO RESULTADO PRELIMINAR \u2013 LISTA ALUNOS DA FUNDHAS<\/a><\/td>\n<\/tr>\n<tr>\n<td class=\"data\">08\/12\/2025<\/td>\n<td class=\"arquivo\"><a href=\"http:\/\/cephas.org.br\/wp-content\/uploads\/2025\/12\/RETIFICACAO-DO-RESULTADO-PRELIMINAR-\u2013-LISTA-ALUNOS-DA-ESCOLA-PUBLICA.pdf\" target=\"_blank\" rel=\"noopener\">RETIFICA\u00c7\u00c3O DO RESULTADO PRELIMINAR \u2013 LISTA ALUNOS DA ESCOLA P\u00daBLICA<\/a><\/td>\n<\/tr>\n<tr>\n<td class=\"data\">08\/12\/2025<\/td>\n<td class=\"arquivo\"><a href=\"http:\/\/cephas.org.br\/wp-content\/uploads\/2025\/12\/RETIFICACAO-DO-RESULTADO-PRELIMINAR-\u2013-LISTA-AMPLA-CONCORRENCIA.pdf\" target=\"_blank\" rel=\"noopener\">RETIFICA\u00c7\u00c3O DO RESULTADO PRELIMINAR \u2013 LISTA AMPLA CONCORR\u00caNCIA<\/a><\/td>\n<\/tr>\n<tr>\n<td class=\"data\">04\/12\/2025<\/td>\n<td class=\"arquivo\"><a href=\"http:\/\/cephas.org.br\/wp-content\/uploads\/2025\/12\/Comunicado-Importante-Matricula-2025.pdf\" target=\"_blank\" rel=\"noopener\">COMUNICADO IMPORTANTE &#8211; MATR\u00cdCULA 2025<\/a><\/td>\n<\/tr>\n<tr>\n<td class=\"data\">04\/12\/2025<\/td>\n<td class=\"arquivo\"><a href=\"http:\/\/cephas.org.br\/wp-content\/uploads\/2025\/12\/RESULTADO-PRELIMINAR-\u2013-LISTA-AMPLA-CONCORRENCIA.pdf\" target=\"_blank\" rel=\"noopener\">RESULTADO PRELIMINAR AMPLA CONCORR\u00caNCIA<\/a><\/td>\n<\/tr>\n<tr>\n<td class=\"data\">04\/12\/2025<\/td>\n<td class=\"arquivo\"><a href=\"http:\/\/cephas.org.br\/wp-content\/uploads\/2025\/12\/RESULTADO-PRELIMINAR-\u2013-LISTA-ALUNOS-DA-FUNDHAS.pdf\" target=\"_blank\" rel=\"noopener\">RESULTADO PRELIMINAR ALUNOS DA FUNDHAS<\/a><\/td>\n<\/tr>\n<tr>\n<td class=\"data\">04\/12\/2025<\/td>\n<td class=\"arquivo\"><a href=\"http:\/\/cephas.org.br\/wp-content\/uploads\/2025\/12\/RESULTADO-PRELIMINAR-\u2013-LISTA-ALUNOS-DA-ESCOLA-PUBLICA.pdf\" target=\"_blank\" rel=\"noopener\">RESULTADO PRELIMINAR ALUNOS DE ESCOLA P\u00daBLICA<\/a><\/td>\n<\/tr>\n<tr>\n<td class=\"data\">01\/12\/2025<\/td>\n<td class=\"arquivo\"><a href=\"http:\/\/cephas.org.br\/wp-content\/uploads\/2025\/12\/GABARITO-PRELIMINAR-DA-PROVA-OBJETIVA.pdf\" target=\"_blank\" rel=\"noopener\">GABARITO PRELIMINAR DA PROVA OBJETIVA<\/a><\/td>\n<\/tr>\n<tr>\n<td class=\"data\">24\/11\/2025<\/td>\n<td class=\"arquivo\"><a href=\"http:\/\/cephas.org.br\/wp-content\/uploads\/2025\/11\/RETIFICACAO-02-DA-LISTA-OFICIAL-DE-INSCRITOS-\u2013-LISTA-AMPLA-CONCORRENCIA.pdf\" target=\"_blank\" rel=\"noopener\">RETIFICA\u00c7\u00c3O 02 DA LISTA OFICIAL DE INSCRITOS \u2013 LISTA AMPLA CONCORR\u00caNCIA<\/a><\/td>\n<\/tr>\n<tr>\n<td class=\"data\">24\/11\/2025<\/td>\n<td class=\"arquivo\"><a href=\"http:\/\/cephas.org.br\/wp-content\/uploads\/2025\/11\/RETIFICACAO-DA-LISTA-OFICIAL-DE-INSCRITOS-\u2013-LISTA-AMPLA-CONCORRENCIA.pdf\" target=\"_blank\" rel=\"noopener\">RETIFICA\u00c7\u00c3O DA LISTA OFICIAL DE INSCRITOS \u2013 LISTA AMPLA CONCORR\u00caNCIA<\/a><\/td>\n<\/tr>\n<tr>\n<td class=\"data\">24\/11\/2025<\/td>\n<td class=\"arquivo\"><a href=\"http:\/\/cephas.org.br\/wp-content\/uploads\/2025\/11\/RETIFICACAO-DO-EDITAL-DE-CONVOCACAO-PARA-A-PROVA-OBJETIVA.pdf\" target=\"_blank\" rel=\"noopener\">RETIFICA\u00c7\u00c3O DO EDITAL DE CONVOCA\u00c7\u00c3O PARA A PROVA OBJETIVA &#8211; LOCAIS DE PROVA<\/a><\/td>\n<\/tr>\n<tr>\n<td class=\"data\">24\/11\/2025<\/td>\n<td class=\"arquivo\"><a href=\"http:\/\/cephas.org.br\/wp-content\/uploads\/2025\/11\/EDITAL-DE-CONVOCACAO-PARA-A-PROVA-OBJETIVA-LOCAIS-DE-PROVA.pdf\" target=\"_blank\" rel=\"noopener\">EDITAL DE CONVOCA\u00c7\u00c3O PARA A PROVA OBJETIVA &#8211; LOCAIS DE PROVA<\/a><\/td>\n<\/tr>\n<tr>\n<td class=\"data\">24\/11\/2025<\/td>\n<td class=\"arquivo\"><a href=\"http:\/\/cephas.org.br\/wp-content\/uploads\/2025\/11\/LISTA-OFICIAL-DE-INSCRITOS-\u2013-LISTA-ALUNOS-DE-ESCOLA-PUBLICA.pdf\" target=\"_blank\" rel=\"noopener\">LISTA OFICIAL DE INSCRITOS \u2013 LISTA ALUNOS DE ESCOLA P\u00daBLICA<\/a><\/td>\n<\/tr>\n<tr>\n<td class=\"data\">24\/11\/2025<\/td>\n<td class=\"arquivo\"><a href=\"http:\/\/cephas.org.br\/wp-content\/uploads\/2025\/11\/LISTA-OFICIAL-DE-INSCRITOS-\u2013-LISTA-ALUNOS-DA-FUNDHAS.pdf\" target=\"_blank\" rel=\"noopener\">LISTA OFICIAL DE INSCRITOS \u2013 LISTA ALUNOS DA FUNDHAS<\/a><\/td>\n<\/tr>\n<tr>\n<td class=\"data\">24\/11\/2025<\/td>\n<td class=\"arquivo\"><a href=\"http:\/\/cephas.org.br\/wp-content\/uploads\/2025\/11\/LISTA-OFICIAL-DE-INSCRITOS-\u2013-LISTA-EMPREGADOS-DA-FUNDHAS.pdf\" target=\"_blank\" rel=\"noopener\">LISTA OFICIAL DE INSCRITOS \u2013 LISTA EMPREGADOS FUNDHAS<\/a><\/td>\n<\/tr>\n<tr>\n<td class=\"data\">24\/11\/2025<\/td>\n<td class=\"arquivo\"><a href=\"http:\/\/cephas.org.br\/wp-content\/uploads\/2025\/11\/LISTA-OFICIAL-DE-INSCRITOS-\u2013-LISTA-GERAL.pdf\" target=\"_blank\" rel=\"noopener\">LISTA OFICIAL DE INSCRITOS \u2013 LISTA GERAL<\/a><\/td>\n<\/tr>\n<tr>\n<td class=\"data\">19\/11\/2025<\/td>\n<td class=\"arquivo\"><a href=\"http:\/\/cephas.org.br\/wp-content\/uploads\/2025\/11\/LISTA-PRELIMINAR-DE-INSCRITOS-\u2013-LISTA-ALUNOS-DE-ESCOLA-PUBLICA.pdf\" target=\"_blank\" rel=\"noopener\">LISTA PRELIMINAR DE INSCRITOS \u2013 LISTA ALUNOS DE ESCOLA P\u00daBLICA<\/a><\/td>\n<\/tr>\n<tr>\n<td class=\"data\">19\/11\/2025<\/td>\n<td class=\"arquivo\"><a href=\"http:\/\/cephas.org.br\/wp-content\/uploads\/2025\/11\/LISTA-PRELIMINAR-DE-INSCRITOS-\u2013-LISTA-GERAL.pdf\" target=\"_blank\" rel=\"noopener\">LISTA PRELIMINAR DE INSCRITOS \u2013 LISTA GERAL<\/a><\/td>\n<\/tr>\n<tr>\n<td class=\"data\">19\/11\/2025<\/td>\n<td class=\"arquivo\"><a href=\"http:\/\/cephas.org.br\/wp-content\/uploads\/2025\/11\/LISTA-PRELIMINAR-DE-INSCRITOS-\u2013-LISTA-EMPREGADOS-DA-FUNDHAS.pdf\" target=\"_blank\" rel=\"noopener\">LISTA PRELIMINAR DE INSCRITOS \u2013 LISTA EMPREGADOS DA FUNDHAS<\/a><\/td>\n<\/tr>\n<tr>\n<td class=\"data\">19\/11\/2025<\/td>\n<td class=\"arquivo\"><a href=\"http:\/\/cephas.org.br\/wp-content\/uploads\/2025\/11\/LISTA-PRELIMINAR-DE-INSCRITOS-\u2013-LISTA-ALUNOS-DA-FUNDHAS.pdf\" target=\"_blank\" rel=\"noopener\">LISTA PRELIMINAR DE INSCRITOS &#8211; ALUNOS DA FUNDHAS<\/a><\/td>\n<\/tr>\n<tr>\n<td class=\"data\">31\/10\/2025<\/td>\n<td class=\"arquivo\"><a href=\"http:\/\/cephas.org.br\/wp-content\/uploads\/2025\/11\/ERRATA_EDITAL_VESTIBULINHO_006_2025.pdf\" target=\"_blank\" rel=\"noopener\">RETIFICA\u00c7\u00c3O DO EDITAL<\/a><\/td>\n<\/tr>\n<tr>\n<td class=\"data\">31\/10\/2025<\/td>\n<td class=\"arquivo\"><a href=\"http:\/\/cephas.org.br\/wp-content\/uploads\/2025\/10\/RETIFICACAO-DO-CRONOGRAMA.pdf\" target=\"_blank\" rel=\"noopener\">RETIFICA\u00c7\u00c3O DO CRONOGRAMA<\/a><\/td>\n<\/tr>\n<tr>\n<td class=\"data\">08\/09\/2025<\/td>\n<td class=\"arquivo\"><a href=\"http:\/\/cephas.org.br\/wp-content\/uploads\/2025\/09\/Edital_20006_2025__20Vestibulinho_20Cephas-_201.2026.pdf\" target=\"_blank\" rel=\"noopener\">EDITAL VESTIBULINHO 2026.1<\/a><\/td>\n<\/tr>\n<\/tbody>\n<\/table>\n<\/div><\/div>\n\t\t\t\t\t\t\t\t\t<div class=\"elementor-tab-title elementor-tab-mobile-title\" aria-selected=\"false\" data-tab=\"3\" role=\"tab\" tabindex=\"-1\" aria-controls=\"elementor-tab-content-1493\" aria-expanded=\"false\">CRONOGRAMA COMPLETO<\/div>\n\t\t\t\t\t<div id=\"elementor-tab-content-1493\" class=\"elementor-tab-content elementor-clearfix\" data-tab=\"3\" role=\"tabpanel\" aria-labelledby=\"elementor-tab-title-1493\" tabindex=\"0\" hidden=\"hidden\"><p>Aqui o candidato encontra o cronograma completo de todo o processo do vestibulinho CEPHAS.<\/p><p><style>\n    body {<br \/>      font-family: Arial, sans-serif;<br \/>      font-size: 16px;<br \/>    }<\/p>\n<p>    table {<br \/>      width: 100%;<br \/>      border-collapse: collapse;<br \/>      margin-bottom: 40px;<br \/>      font-family: Arial, sans-serif;<br \/>      font-size: 16px;<br \/>    }<\/p>\n<p>    th, td {<br \/>      border: 1px solid #ccc;<br \/>      padding: 10px;<br \/>      text-align: left;<br \/>      vertical-align: top;<br \/>    }<\/p>\n<p>    td:first-child {<br \/>      text-align: center;<br \/>      vertical-align: middle;<br \/>      font-weight: bold;<br \/>    }<\/p>\n<p>    \/* Cabe\u00e7alho azul escuro *\/<br \/>    thead {<br \/>      background-color: #003366;<br \/>      color: #ffffff;<br \/>    }<\/p>\n<p>    \/* Linhas zebradas azul claro e branco *\/<br \/>    tbody tr:nth-child(odd) {<br \/>      background-color: #e6f0ff;<br \/>    }<\/p>\n<p>    tbody tr:nth-child(even) {<br \/>      background-color: #ffffff;<br \/>    }<br \/>  <\/style><\/p><h1>Cronograma do Processo Seletivo<\/h1><p><!-- Tabela 1 --><\/p><table><thead><tr><th>Etapa<\/th><th>Descri\u00e7\u00e3o<\/th><th>Data<\/th><\/tr><\/thead><tbody><tr><td>Per\u00edodo de Inscri\u00e7\u00f5es<\/td><td>In\u00edcio das Inscri\u00e7\u00f5es<\/td><td>08\/09\/2025<\/td><\/tr><tr><td>\u00a0<\/td><td>Solicita\u00e7\u00e3o de isen\u00e7\u00e3o<\/td><td>08\/09 a 17\/10<\/td><\/tr><tr><td>\u00a0<\/td><td>Resultado preliminar da isen\u00e7\u00e3o<\/td><td>22\/10\/2025<\/td><\/tr><tr><td>\u00a0<\/td><td>Recurso da isen\u00e7\u00e3o<\/td><td>23\/10 a 24\/10<\/td><\/tr><tr><td>\u00a0<\/td><td>Resultado oficial da isen\u00e7\u00e3o<\/td><td>24\/10\/2025<\/td><\/tr><tr><td>\u00a0<\/td><td>\u00daltimo dia das inscri\u00e7\u00f5es<\/td><td><strong><span style=\"color: #ff0000;\">15\/11\/2025*<\/span><\/strong><\/td><\/tr><tr><td>\u00a0<\/td><td>\u00daltimo dia de pagamento<\/td><td><strong><span style=\"color: #ff0000;\">17\/11\/2025*<\/span><\/strong><\/td><\/tr><tr><td>\u00a0<\/td><td>Lista preliminar de inscritos<\/td><td><strong><span style=\"color: #ff0000;\">19\/11\/2025*<\/span><\/strong><\/td><\/tr><tr><td>\u00a0<\/td><td>Recurso da lista de inscritos<\/td><td><strong><span style=\"color: #ff0000;\">20\/11\/2025*<\/span><\/strong><\/td><\/tr><tr><td>\u00a0<\/td><td>Lista oficial de inscritos<\/td><td><strong><span style=\"color: #ff0000;\">24\/11\/2025*<\/span><\/strong><\/td><\/tr><\/tbody><\/table><p><!-- Tabela 2 --><\/p><table><thead><tr><th>Etapa<\/th><th>Descri\u00e7\u00e3o<\/th><th>Data<\/th><\/tr><\/thead><tbody><tr><td>Da Prova<\/td><td>Rela\u00e7\u00e3o para prova adaptada<\/td><td>24\/11\/2025<\/td><\/tr><tr><td>\u00a0<\/td><td>Edital de convoca\u00e7\u00e3o<\/td><td>24\/11\/2025<\/td><\/tr><tr><td>\u00a0<\/td><td>Aplica\u00e7\u00e3o da prova<\/td><td>30\/11\/2025<\/td><\/tr><tr><td>\u00a0<\/td><td>Divulga\u00e7\u00e3o do gabarito<\/td><td>01\/12\/2025<\/td><\/tr><tr><td>\u00a0<\/td><td>Resultado preliminar<\/td><td>04\/12\/2025<\/td><\/tr><tr><td>\u00a0<\/td><td>Recurso do resultado<\/td><td>05\/12\/2025<\/td><\/tr><tr><td>\u00a0<\/td><td>Resultado dos recursos<\/td><td>10\/12\/2025<\/td><\/tr><tr><td>\u00a0<\/td><td>Resultado final e convoca\u00e7\u00e3o<\/td><td>11\/12\/2025<\/td><\/tr><\/tbody><\/table><p><!-- Tabela 3 --><\/p><table><thead><tr><th>Etapa<\/th><th>Descri\u00e7\u00e3o<\/th><th>Data<\/th><\/tr><\/thead><tbody><tr><td>Per\u00edodo de Matr\u00edcula<\/td><td>1\u00aa chamada<\/td><td>15 a 17\/12\/2025<\/td><\/tr><tr><td>\u00a0<\/td><td>Convoca\u00e7\u00e3o da 2\u00aa chamada<\/td><td>19\/12\/2025<\/td><\/tr><tr><td>\u00a0<\/td><td>Convoca\u00e7\u00e3o da 3\u00aa chamada<\/td><td>08\/01\/2026<\/td><\/tr><tr><td>\u00a0<\/td><td>In\u00edcio das aulas<\/td><td>22\/01\/2026<\/td><\/tr><\/tbody><\/table><h4><span style=\"color: #ff0000;\"><strong>* DATA ALTERADA<\/strong><\/span><\/h4><\/div>\n\t\t\t\t\t\t\t<\/div>\n\t\t<\/div>\n\t\t\t\t\t\t<\/div>\n\t\t\t\t<\/div>\n\t\t\t\t\t<\/div>\n\t\t<\/div>\n\t\t\t\t\t<\/div>\n\t\t<\/section>\n\t\t\t\t<\/div>\n\t\t","protected":false},"excerpt":{"rendered":"<p>Clique no banner acima e fa\u00e7a sua inscri\u00e7\u00e3o agora mesmo! INFORMA\u00c7\u00d5ES GERAIS AO CANDIDATO EDITAIS E INSCRI\u00c7\u00c3O CRONOGRAMA COMPLETO INFORMA\u00c7\u00d5ES GERAIS AO CANDIDATO \u00a0 Essa \u00e1rea o candidato encontra todas as informa\u00e7\u00f5es a respeito do processo do Vestibulinho CEPHAS 1.\u00ba Semestre de 2026 REQUISITOS PARA SE INSCREVER Residir em S\u00e3o Jos\u00e9 dos Campos h\u00e1 pelo [&hellip;]<\/p>\n","protected":false},"author":8,"featured_media":0,"parent":0,"menu_order":0,"comment_status":"closed","ping_status":"closed","template":"","meta":{"_acf_changed":false,"_monsterinsights_skip_tracking":false,"_monsterinsights_sitenote_active":false,"_monsterinsights_sitenote_note":"","_monsterinsights_sitenote_category":0,"footnotes":""},"class_list":["post-5476","page","type-page","status-publish","czr-hentry"],"acf":[],"yoast_head":"<!-- This site is optimized with the Yoast SEO plugin v26.6 - https:\/\/yoast.com\/wordpress\/plugins\/seo\/ -->\n<title>VESTIBULINHO CEPHAS 1\u00ba SEMESTRE DE 2026 - CEPHAS<\/title>\n<meta name=\"robots\" content=\"index, follow, max-snippet:-1, max-image-preview:large, max-video-preview:-1\" \/>\n<link rel=\"canonical\" href=\"https:\/\/cephas.org.br\/index.php\/info-vestib-2026-1\/\" \/>\n<meta property=\"og:locale\" content=\"pt_BR\" \/>\n<meta property=\"og:type\" content=\"article\" \/>\n<meta property=\"og:title\" content=\"VESTIBULINHO CEPHAS 1\u00ba SEMESTRE DE 2026 - CEPHAS\" \/>\n<meta property=\"og:description\" content=\"Clique no banner acima e fa\u00e7a sua inscri\u00e7\u00e3o agora mesmo! INFORMA\u00c7\u00d5ES GERAIS AO CANDIDATO EDITAIS E INSCRI\u00c7\u00c3O CRONOGRAMA COMPLETO INFORMA\u00c7\u00d5ES GERAIS AO CANDIDATO \u00a0 Essa \u00e1rea o candidato encontra todas as informa\u00e7\u00f5es a respeito do processo do Vestibulinho CEPHAS 1.\u00ba Semestre de 2026 REQUISITOS PARA SE INSCREVER Residir em S\u00e3o Jos\u00e9 dos Campos h\u00e1 pelo [&hellip;]\" \/>\n<meta property=\"og:url\" content=\"https:\/\/cephas.org.br\/index.php\/info-vestib-2026-1\/\" \/>\n<meta property=\"og:site_name\" content=\"CEPHAS\" \/>\n<meta property=\"article:modified_time\" content=\"2026-01-09T13:29:58+00:00\" \/>\n<meta property=\"og:image\" content=\"http:\/\/cephas.org.br\/wp-content\/uploads\/2025\/10\/Texto-do-seu-paragrafo-2.png\" \/>\n<meta name=\"twitter:card\" content=\"summary_large_image\" \/>\n<meta name=\"twitter:label1\" content=\"Est. tempo de leitura\" \/>\n\t<meta name=\"twitter:data1\" content=\"5 minutos\" \/>\n<script type=\"application\/ld+json\" class=\"yoast-schema-graph\">{\"@context\":\"https:\/\/schema.org\",\"@graph\":[{\"@type\":\"WebPage\",\"@id\":\"https:\/\/cephas.org.br\/index.php\/info-vestib-2026-1\/\",\"url\":\"https:\/\/cephas.org.br\/index.php\/info-vestib-2026-1\/\",\"name\":\"VESTIBULINHO CEPHAS 1\u00ba SEMESTRE DE 2026 - CEPHAS\",\"isPartOf\":{\"@id\":\"https:\/\/cephas.org.br\/#website\"},\"primaryImageOfPage\":{\"@id\":\"https:\/\/cephas.org.br\/index.php\/info-vestib-2026-1\/#primaryimage\"},\"image\":{\"@id\":\"https:\/\/cephas.org.br\/index.php\/info-vestib-2026-1\/#primaryimage\"},\"thumbnailUrl\":\"http:\/\/cephas.org.br\/wp-content\/uploads\/2025\/10\/Texto-do-seu-paragrafo-2.png\",\"datePublished\":\"2025-09-04T18:34:10+00:00\",\"dateModified\":\"2026-01-09T13:29:58+00:00\",\"breadcrumb\":{\"@id\":\"https:\/\/cephas.org.br\/index.php\/info-vestib-2026-1\/#breadcrumb\"},\"inLanguage\":\"pt-BR\",\"potentialAction\":[{\"@type\":\"ReadAction\",\"target\":[\"https:\/\/cephas.org.br\/index.php\/info-vestib-2026-1\/\"]}]},{\"@type\":\"ImageObject\",\"inLanguage\":\"pt-BR\",\"@id\":\"https:\/\/cephas.org.br\/index.php\/info-vestib-2026-1\/#primaryimage\",\"url\":\"https:\/\/cephas.org.br\/wp-content\/uploads\/2025\/10\/Texto-do-seu-paragrafo-2.png\",\"contentUrl\":\"https:\/\/cephas.org.br\/wp-content\/uploads\/2025\/10\/Texto-do-seu-paragrafo-2.png\",\"width\":1024,\"height\":431},{\"@type\":\"BreadcrumbList\",\"@id\":\"https:\/\/cephas.org.br\/index.php\/info-vestib-2026-1\/#breadcrumb\",\"itemListElement\":[{\"@type\":\"ListItem\",\"position\":1,\"name\":\"In\u00edcio\",\"item\":\"https:\/\/cephas.org.br\/\"},{\"@type\":\"ListItem\",\"position\":2,\"name\":\"VESTIBULINHO CEPHAS 1\u00ba SEMESTRE DE 2026\"}]},{\"@type\":\"WebSite\",\"@id\":\"https:\/\/cephas.org.br\/#website\",\"url\":\"https:\/\/cephas.org.br\/\",\"name\":\"CEPHAS\",\"description\":\"\",\"publisher\":{\"@id\":\"https:\/\/cephas.org.br\/#organization\"},\"potentialAction\":[{\"@type\":\"SearchAction\",\"target\":{\"@type\":\"EntryPoint\",\"urlTemplate\":\"https:\/\/cephas.org.br\/?s={search_term_string}\"},\"query-input\":{\"@type\":\"PropertyValueSpecification\",\"valueRequired\":true,\"valueName\":\"search_term_string\"}}],\"inLanguage\":\"pt-BR\"},{\"@type\":\"Organization\",\"@id\":\"https:\/\/cephas.org.br\/#organization\",\"name\":\"CEPHAS\",\"url\":\"https:\/\/cephas.org.br\/\",\"logo\":{\"@type\":\"ImageObject\",\"inLanguage\":\"pt-BR\",\"@id\":\"https:\/\/cephas.org.br\/#\/schema\/logo\/image\/\",\"url\":\"https:\/\/cephas.org.br\/wp-content\/uploads\/2023\/10\/cropped-Assinaturas_CephasFundhas_Pref_Novo-10_Cor-small.png\",\"contentUrl\":\"https:\/\/cephas.org.br\/wp-content\/uploads\/2023\/10\/cropped-Assinaturas_CephasFundhas_Pref_Novo-10_Cor-small.png\",\"width\":812,\"height\":90,\"caption\":\"CEPHAS\"},\"image\":{\"@id\":\"https:\/\/cephas.org.br\/#\/schema\/logo\/image\/\"}}]}<\/script>\n<!-- \/ Yoast SEO plugin. -->","yoast_head_json":{"title":"VESTIBULINHO CEPHAS 1\u00ba SEMESTRE DE 2026 - CEPHAS","robots":{"index":"index","follow":"follow","max-snippet":"max-snippet:-1","max-image-preview":"max-image-preview:large","max-video-preview":"max-video-preview:-1"},"canonical":"https:\/\/cephas.org.br\/index.php\/info-vestib-2026-1\/","og_locale":"pt_BR","og_type":"article","og_title":"VESTIBULINHO CEPHAS 1\u00ba SEMESTRE DE 2026 - CEPHAS","og_description":"Clique no banner acima e fa\u00e7a sua inscri\u00e7\u00e3o agora mesmo! INFORMA\u00c7\u00d5ES GERAIS AO CANDIDATO EDITAIS E INSCRI\u00c7\u00c3O CRONOGRAMA COMPLETO INFORMA\u00c7\u00d5ES GERAIS AO CANDIDATO \u00a0 Essa \u00e1rea o candidato encontra todas as informa\u00e7\u00f5es a respeito do processo do Vestibulinho CEPHAS 1.\u00ba Semestre de 2026 REQUISITOS PARA SE INSCREVER Residir em S\u00e3o Jos\u00e9 dos Campos h\u00e1 pelo [&hellip;]","og_url":"https:\/\/cephas.org.br\/index.php\/info-vestib-2026-1\/","og_site_name":"CEPHAS","article_modified_time":"2026-01-09T13:29:58+00:00","og_image":[{"url":"http:\/\/cephas.org.br\/wp-content\/uploads\/2025\/10\/Texto-do-seu-paragrafo-2.png","type":"","width":"","height":""}],"twitter_card":"summary_large_image","twitter_misc":{"Est. tempo de leitura":"5 minutos"},"schema":{"@context":"https:\/\/schema.org","@graph":[{"@type":"WebPage","@id":"https:\/\/cephas.org.br\/index.php\/info-vestib-2026-1\/","url":"https:\/\/cephas.org.br\/index.php\/info-vestib-2026-1\/","name":"VESTIBULINHO CEPHAS 1\u00ba SEMESTRE DE 2026 - CEPHAS","isPartOf":{"@id":"https:\/\/cephas.org.br\/#website"},"primaryImageOfPage":{"@id":"https:\/\/cephas.org.br\/index.php\/info-vestib-2026-1\/#primaryimage"},"image":{"@id":"https:\/\/cephas.org.br\/index.php\/info-vestib-2026-1\/#primaryimage"},"thumbnailUrl":"http:\/\/cephas.org.br\/wp-content\/uploads\/2025\/10\/Texto-do-seu-paragrafo-2.png","datePublished":"2025-09-04T18:34:10+00:00","dateModified":"2026-01-09T13:29:58+00:00","breadcrumb":{"@id":"https:\/\/cephas.org.br\/index.php\/info-vestib-2026-1\/#breadcrumb"},"inLanguage":"pt-BR","potentialAction":[{"@type":"ReadAction","target":["https:\/\/cephas.org.br\/index.php\/info-vestib-2026-1\/"]}]},{"@type":"ImageObject","inLanguage":"pt-BR","@id":"https:\/\/cephas.org.br\/index.php\/info-vestib-2026-1\/#primaryimage","url":"https:\/\/cephas.org.br\/wp-content\/uploads\/2025\/10\/Texto-do-seu-paragrafo-2.png","contentUrl":"https:\/\/cephas.org.br\/wp-content\/uploads\/2025\/10\/Texto-do-seu-paragrafo-2.png","width":1024,"height":431},{"@type":"BreadcrumbList","@id":"https:\/\/cephas.org.br\/index.php\/info-vestib-2026-1\/#breadcrumb","itemListElement":[{"@type":"ListItem","position":1,"name":"In\u00edcio","item":"https:\/\/cephas.org.br\/"},{"@type":"ListItem","position":2,"name":"VESTIBULINHO CEPHAS 1\u00ba SEMESTRE DE 2026"}]},{"@type":"WebSite","@id":"https:\/\/cephas.org.br\/#website","url":"https:\/\/cephas.org.br\/","name":"CEPHAS","description":"","publisher":{"@id":"https:\/\/cephas.org.br\/#organization"},"potentialAction":[{"@type":"SearchAction","target":{"@type":"EntryPoint","urlTemplate":"https:\/\/cephas.org.br\/?s={search_term_string}"},"query-input":{"@type":"PropertyValueSpecification","valueRequired":true,"valueName":"search_term_string"}}],"inLanguage":"pt-BR"},{"@type":"Organization","@id":"https:\/\/cephas.org.br\/#organization","name":"CEPHAS","url":"https:\/\/cephas.org.br\/","logo":{"@type":"ImageObject","inLanguage":"pt-BR","@id":"https:\/\/cephas.org.br\/#\/schema\/logo\/image\/","url":"https:\/\/cephas.org.br\/wp-content\/uploads\/2023\/10\/cropped-Assinaturas_CephasFundhas_Pref_Novo-10_Cor-small.png","contentUrl":"https:\/\/cephas.org.br\/wp-content\/uploads\/2023\/10\/cropped-Assinaturas_CephasFundhas_Pref_Novo-10_Cor-small.png","width":812,"height":90,"caption":"CEPHAS"},"image":{"@id":"https:\/\/cephas.org.br\/#\/schema\/logo\/image\/"}}]}},"_links":{"self":[{"href":"https:\/\/cephas.org.br\/index.php\/wp-json\/wp\/v2\/pages\/5476","targetHints":{"allow":["GET"]}}],"collection":[{"href":"https:\/\/cephas.org.br\/index.php\/wp-json\/wp\/v2\/pages"}],"about":[{"href":"https:\/\/cephas.org.br\/index.php\/wp-json\/wp\/v2\/types\/page"}],"author":[{"embeddable":true,"href":"https:\/\/cephas.org.br\/index.php\/wp-json\/wp\/v2\/users\/8"}],"replies":[{"embeddable":true,"href":"https:\/\/cephas.org.br\/index.php\/wp-json\/wp\/v2\/comments?post=5476"}],"version-history":[{"count":308,"href":"https:\/\/cephas.org.br\/index.php\/wp-json\/wp\/v2\/pages\/5476\/revisions"}],"predecessor-version":[{"id":6020,"href":"https:\/\/cephas.org.br\/index.php\/wp-json\/wp\/v2\/pages\/5476\/revisions\/6020"}],"wp:attachment":[{"href":"https:\/\/cephas.org.br\/index.php\/wp-json\/wp\/v2\/media?parent=5476"}],"curies":[{"name":"wp","href":"https:\/\/api.w.org\/{rel}","templated":true}]}}